{"id":570,"date":"2019-05-24T07:58:27","date_gmt":"2019-05-24T07:58:27","guid":{"rendered":"http:\/\/xlabel.es\/?page_id=570"},"modified":"2021-11-23T10:23:28","modified_gmt":"2021-11-23T10:23:28","slug":"serveis","status":"publish","type":"page","link":"https:\/\/xlabel.es\/ca\/serveis\/","title":{"rendered":"Serveis"},"content":{"rendered":"<p>[et_pb_section bb_built=&#8221;1&#8243; fullwidth=&#8221;on&#8221; specialty=&#8221;off&#8221; next_background_color=&#8221;#000000&#8243;][et_pb_fullwidth_image _builder_version=&#8221;3.5.1&#8243; src=&#8221;http:\/\/xlabel.es\/wp-content\/uploads\/2019\/09\/header_services_client_v2.jpg&#8221; \/][\/et_pb_section][et_pb_section bb_built=&#8221;1&#8243; prev_background_color=&#8221;#000000&#8243; next_background_color=&#8221;#000000&#8243;][et_pb_row _builder_version=&#8221;3.5.1&#8243; module_class=&#8221;title-overhead&#8221;][et_pb_column type=&#8221;4_4&#8243;][et_pb_text admin_label=&#8221;Lateral &#8211; Una idea&#8221; _builder_version=&#8221;3.5.1&#8243; module_class=&#8221;lateral-title left idea&#8221;]<\/p>\n<p>UNA IDEA<\/p>\n<p>[\/et_pb_text][et_pb_text admin_label=&#8221;Servicios&#8221; _builder_version=&#8221;3.5.1&#8243; module_class=&#8221;pl90 pr180&#8243;]<\/p>\n<h2>Serveis.<\/h2>\n<p>[\/et_pb_text][\/et_pb_column][\/et_pb_row][\/et_pb_section][et_pb_section bb_built=&#8221;1&#8243; fullwidth=&#8221;off&#8221; specialty=&#8221;off&#8221; prev_background_color=&#8221;#000000&#8243; next_background_color=&#8221;#000000&#8243;][et_pb_row][et_pb_column type=&#8221;4_4&#8243;][et_pb_text admin_label=&#8221;El proceso creativo \/ La b\u00fasqueda&#8221; _builder_version=&#8221;3.5.1&#8243; module_class=&#8221;pl180 pr180&#8243;]<\/p>\n<h3>El proc\u00e9s creatiu.<\/h3>\n<h4>La cerca de l\u2019\u00fanic.<\/h4>\n<p>[\/et_pb_text][et_pb_text admin_label=&#8221;Hablar, escuchar, reflexionar, entender.&#8221; _builder_version=&#8221;3.5.1&#8243; module_class=&#8221;pl180 pr180&#8243;]<\/p>\n<p>Parlar, escoltar, reflexionar, entendre. Perqu\u00e8 con\u00e8ixer-nos abans de comen\u00e7ar far\u00e0 que la idea aflori d&#8217;una forma natural.<\/p>\n<p>[\/et_pb_text][\/et_pb_column][\/et_pb_row][\/et_pb_section][et_pb_section bb_built=&#8221;1&#8243; fullwidth=&#8221;off&#8221; specialty=&#8221;off&#8221; prev_background_color=&#8221;#000000&#8243; next_background_color=&#8221;#000000&#8243;][et_pb_row][et_pb_column type=&#8221;4_4&#8243;][et_pb_text admin_label=&#8221;Lateral &#8211; Una muestra&#8221; _builder_version=&#8221;3.5.1&#8243; module_class=&#8221;lateral-title right sample&#8221;]<\/p>\n<p>UNA MOSTRA<\/p>\n<p>[\/et_pb_text][et_pb_text admin_label=&#8221;Dise\u00f1o \/ Donde la idea da sus primeros pasos&#8221; _builder_version=&#8221;3.5.1&#8243; module_class=&#8221;pl180 pr180&#8243;]<\/p>\n<h3>Disseny.<\/h3>\n<h4>On la idea dona les seves primeres passes.<\/h4>\n<p>[\/et_pb_text][et_pb_text admin_label=&#8221;En el estudio de dise\u00f1o plasmamos las ideas&#8221; _builder_version=&#8221;3.5.1&#8243; module_class=&#8221;pl180 pr180&#8243;]<\/p>\n<p>A l&#8217;estudi de disseny plasmem les idees en el paper i comencem la cerca de la impressi\u00f3 perfecta.<\/p>\n<p>[\/et_pb_text][\/et_pb_column][\/et_pb_row][\/et_pb_section][et_pb_section bb_built=&#8221;1&#8243; fullwidth=&#8221;off&#8221; specialty=&#8221;off&#8221; prev_background_color=&#8221;#000000&#8243; next_background_color=&#8221;#000000&#8243;][et_pb_row][et_pb_column type=&#8221;4_4&#8243;][et_pb_text admin_label=&#8221;La soluci\u00f3n&#8221; _builder_version=&#8221;3.5.1&#8243; module_class=&#8221;pl180 pr180 solutions-title&#8221;]<\/p>\n<h3>La soluci\u00f3.<\/h3>\n<p>[\/et_pb_text][et_pb_text admin_label=&#8221;Con el dise\u00f1o ya elaborado buscamos la t\u00e9cnica&#8221; _builder_version=&#8221;3.5.1&#8243; module_class=&#8221;pl180 pr180&#8243;]<\/p>\n<p>Amb el disseny ja elaborat busquem la t\u00e8cnica que aconsegueixi la millor impressi\u00f3.<\/p>\n<p>[\/et_pb_text][\/et_pb_column][\/et_pb_row][et_pb_row _builder_version=&#8221;3.5.1&#8243; module_class=&#8221;solutions&#8221;][et_pb_column type=&#8221;4_4&#8243;][et_pb_text admin_label=&#8221;Etiquetas de imagen \/ Porque la impresi\u00f3n debe ser&#8221; _builder_version=&#8221;3.5.1&#8243; module_class=&#8221;pl180 pr180&#8243;]<\/p>\n<h3>Etiquetes d\u2019imatge.<\/h3>\n<h4>Perqu\u00e8 la impressi\u00f3 ha de ser tan \u00fanica com la teva idea.<\/h4>\n<p>[\/et_pb_text][et_pb_text admin_label=&#8221;Hay mil maneras de imprimir una etiqueta&#8221; _builder_version=&#8221;3.5.1&#8243; module_class=&#8221;pl180 pr180&#8243;]<\/p>\n<p>Hi ha mil maneres d&#8217;imprimir una etiqueta, per\u00f2 nom\u00e9s una aconsegueix que la idea que existeix al teu cap es faci realitat.<\/p>\n<p>[\/et_pb_text][et_pb_text admin_label=&#8221;Lista &#8211; Etiquetas de imagen&#8221; _builder_version=&#8221;3.5.1&#8243; module_class=&#8221;pl180 pr180&#8243;]<\/p>\n<ul>\n<li><strong>OFFSET<\/strong><br \/>\nL&#8217;eleg\u00e0ncia impresa.<\/li>\n<li><strong>FLEXOGRAFIA UV<\/strong><br \/>\nEl desafiament de les superf\u00edcies.<\/li>\n<li><strong>SERIGRAFIA ROTATIVA<\/strong><br \/>\nTecnologia artesanal.<\/li>\n<li><strong>DIGITAL<\/strong><br \/>\nLa impressi\u00f3 del futur.<\/li>\n<\/ul>\n<p>[\/et_pb_text][\/et_pb_column][\/et_pb_row][et_pb_row _builder_version=&#8221;3.5.1&#8243; module_class=&#8221;solutions&#8221;][et_pb_column type=&#8221;4_4&#8243;][et_pb_text admin_label=&#8221;Lateral &#8211; Una etiqueta&#8221; _builder_version=&#8221;3.5.1&#8243; module_class=&#8221;lateral-title left one-tag&#8221;]<\/p>\n<p>UNA ETIQUETA<\/p>\n<p>[\/et_pb_text][et_pb_text admin_label=&#8221;Impresi\u00f3n industrial \/ Etiquetas en blanco&#8221; _builder_version=&#8221;3.5.1&#8243; module_class=&#8221;pl180 pr180&#8243;]<\/p>\n<h3>Impressi\u00f3 industrial.<\/h3>\n<h4>Etiquetes en blanc per a informaci\u00f3 imprescindible.<\/h4>\n<p>[\/et_pb_text][et_pb_text admin_label=&#8221;A veces, la idea no se basa en qu\u00e9 comunicar&#8221; _builder_version=&#8221;3.5.1&#8243; module_class=&#8221;pl180 pr180&#8243;]<\/p>\n<p>De vegades la idea no es basa en qu\u00e8 comunicar, sin\u00f3 en on comunicar-ho. Per aix\u00f2 a X-LABEL trobem l&#8217;etiqueta an\u00f2nima m\u00e9s adequada a les teves necessitats de reimpressi\u00f3.<\/p>\n<p>[\/et_pb_text][et_pb_text admin_label=&#8221;Lista &#8211; Impresi\u00f3n industrial&#8221; _builder_version=&#8221;3.5.1&#8243; module_class=&#8221;pl180 pr180&#8243;]<\/p>\n<ul>\n<li><strong>NEUTRA<\/strong><br \/>\nPer a les teves necessitats de log\u00edstica, control de qualitat i identificaci\u00f3.<\/li>\n<li><strong>MULTIP\u00c0GINA<\/strong><br \/>\nUn llibre amb forma d&#8217;etiqueta.<\/li>\n<li><strong>RFID<\/strong><br \/>\nEtiquetes per a llegir mitjan\u00e7ant radiofreq\u00fc\u00e8ncia.<\/li>\n<li><strong>PROMOCIONAL<\/strong><br \/>\nUn espai per a atreure l&#8217;atenci\u00f3 dels teus clients.<\/li>\n<\/ul>\n<p>[\/et_pb_text][\/et_pb_column][\/et_pb_row][et_pb_row _builder_version=&#8221;3.5.1&#8243; module_class=&#8221;solutions&#8221;][et_pb_column type=&#8221;4_4&#8243;][et_pb_text admin_label=&#8221;Labeltech&#8221; _builder_version=&#8221;3.5.1&#8243; module_class=&#8221;pl180 pr180&#8243;]<\/p>\n<h3>Labeltech.<\/h3>\n<p>[\/et_pb_text][et_pb_text admin_label=&#8221;Si lo que necesitas son las herramientas&#8221; _builder_version=&#8221;3.5.1&#8243; module_class=&#8221;pl180 pr180&#8243;]<\/p>\n<p>Si el que necessites s\u00f3n les eines per a fer realitat les teves pr\u00f2pies etiquetes, a X-LABEL tenim un departament dedicat a la venda i manteniment de productes d&#8217;impressi\u00f3: LABELTECH.<\/p>\n<p>[\/et_pb_text][et_pb_text admin_label=&#8221;Descarga nuestro cat\u00e1logo de productos&#8221; _builder_version=&#8221;3.5.1&#8243; module_class=&#8221;pl180 pr180&#8243;]<\/p>\n<p>Descarrega el nostre cat\u00e0leg de productes:<\/p>\n<p>[\/et_pb_text][\/et_pb_column][\/et_pb_row][et_pb_row _builder_version=&#8221;3.5.1&#8243; module_class=&#8221;minHeight110&#8243;][et_pb_column type=&#8221;4_4&#8243;][et_pb_button admin_label=&#8221;Bot\u00f3n &#8211; Descargar PDF&#8221; _builder_version=&#8221;3.5.1&#8243; button_text=&#8221;Descargar pdf&#8221; button_alignment=&#8221;center&#8221; button_url=&#8221;http:\/\/xlabel.es\/wp-content\/uploads\/2021\/11\/Labeltech2021_ca_tablet.pdf&#8221; \/][\/et_pb_column][\/et_pb_row][\/et_pb_section][et_pb_section bb_built=&#8221;1&#8243; fullwidth=&#8221;off&#8221; specialty=&#8221;off&#8221; prev_background_color=&#8221;#000000&#8243; next_background_color=&#8221;#000000&#8243;][et_pb_row][et_pb_column type=&#8221;4_4&#8243;][et_pb_text admin_label=&#8221;Lateral &#8211; Un resultado&#8221; _builder_version=&#8221;3.5.1&#8243; module_class=&#8221;lateral-title right result&#8221;]<\/p>\n<p>UN RESULTAT<\/p>\n<p>[\/et_pb_text][et_pb_text admin_label=&#8221;El proceso de elaboraci\u00f3n \/ La idea se vuelve tangible&#8221; _builder_version=&#8221;3.5.1&#8243; module_class=&#8221;pl180 pr180&#8243;]<\/p>\n<h3>El proc\u00e9s d&#8217;elaboraci\u00f3.<\/h3>\n<h4>La idea es fa tangible.<\/h4>\n<p>[\/et_pb_text][et_pb_text admin_label=&#8221;Supervisamos todo el proceso&#8221; _builder_version=&#8221;3.5.1&#8243; module_class=&#8221;pl180 pr180&#8243;]<\/p>\n<p>Supervisem tot el proc\u00e9s fins que puguis tocar l&#8217;etiqueta amb les teves pr\u00f2pies mans.<\/p>\n<p>[\/et_pb_text][\/et_pb_column][\/et_pb_row][et_pb_row _builder_version=&#8221;3.5.1&#8243; module_class=&#8221;steps&#8221;][et_pb_column type=&#8221;4_4&#8243;][et_pb_text admin_label=&#8221;Pasos&#8221; _builder_version=&#8221;3.5.1&#8243; module_class=&#8221;pl180 pr180&#8243;]<\/p>\n<ul>\n<li class=\"asesoramiento\">\n<div class=\"text\">Assessorament.<\/div>\n<\/li>\n<li class=\"diseno\">\n<div class=\"text\">Disseny.<\/div>\n<\/li>\n<li class=\"impresion\">\n<div class=\"text\">Impressi\u00f3.<\/div>\n<\/li>\n<li class=\"servicio\">\n<div class=\"text\">Servei.<\/div>\n<\/li>\n<\/ul>\n<p>[\/et_pb_text][\/et_pb_column][\/et_pb_row][et_pb_row][et_pb_column type=&#8221;4_4&#8243;][et_pb_text admin_label=&#8221;En la preimpresi\u00f3n utilizamos filmadoras digitales&#8221; _builder_version=&#8221;3.5.1&#8243; module_class=&#8221;pl180 pr180&#8243;]<\/p>\n<p>En la preimpressi\u00f3 utilitzem filmadores digitals que compten amb la tecnologia CTP de filmaci\u00f3 l\u00e0ser directe a gravat d&#8217;impressi\u00f3. Amb el sistema d\u2019ESKO SYSTEM i la c\u00e0mera de visi\u00f3 artificial verifiquem tot el proc\u00e9s de producci\u00f3.<\/p>\n<p>[\/et_pb_text][\/et_pb_column][\/et_pb_row][\/et_pb_section][et_pb_section bb_built=&#8221;1&#8243; fullwidth=&#8221;off&#8221; specialty=&#8221;off&#8221; prev_background_color=&#8221;#000000&#8243;][et_pb_row _builder_version=&#8221;3.5.1&#8243; module_class=&#8221;minHeight110&#8243;][et_pb_column type=&#8221;4_4&#8243;][et_pb_button admin_label=&#8221;Bot\u00f3n &#8211; Ver proyectos&#8221; _builder_version=&#8221;3.5.1&#8243; button_text=&#8221;Veure projectes&#8221; button_alignment=&#8221;center&#8221; button_url=&#8221;\/ca\/projectes&#8221; \/][\/et_pb_column][\/et_pb_row][\/et_pb_section]<\/p>\n","protected":false},"excerpt":{"rendered":"<p>UNA IDEA Serveis. <div class=\"et_pb_row et_pb_row_0 et_pb_row_empty\">\n\t\t\t\t\n\t\t\t\t\n\t\t\t\t\n\t\t\t\t\n\t\t\t\t\n\t\t\t<\/div> El proc\u00e9s creatiu. La cerca de l\u2019\u00fanic. Parlar, escoltar, reflexionar, entendre. Perqu\u00e8 con\u00e8ixer-nos abans de comen\u00e7ar far\u00e0 que la idea aflori d&#8217;una forma natural. <div class=\"et_pb_row et_pb_row_1 et_pb_row_empty\">\n\t\t\t\t\n\t\t\t\t\n\t\t\t\t\n\t\t\t\t\n\t\t\t\t\n\t\t\t<\/div> UNA MOSTRA Disseny. On la idea dona les seves primeres passes. A l&#8217;estudi de disseny plasmem les idees en el paper i comencem la cerca de [&hellip;]<\/p>\n","protected":false},"author":3,"featured_media":0,"parent":0,"menu_order":0,"comment_status":"closed","ping_status":"closed","template":"","meta":{"_et_pb_use_builder":"on","_et_pb_old_content":"","_et_gb_content_width":"","footnotes":""},"yoast_head":"<!-- This site is optimized with the Yoast SEO plugin v21.4 - https:\/\/yoast.com\/wordpress\/plugins\/seo\/ -->\n<title>Serveis - X-Label<\/title>\n<meta name=\"description\" content=\"Aquest \u00e9s el proc\u00e9s que seguim per a crear etiquetes \u00faniques.\" \/>\n<meta name=\"robots\" content=\"index, follow, max-snippet:-1, max-image-preview:large, max-video-preview:-1\" \/>\n<link rel=\"canonical\" href=\"https:\/\/xlabel.es\/ca\/serveis\/\" \/>\n<meta property=\"og:locale\" content=\"ca_ES\" \/>\n<meta property=\"og:type\" content=\"article\" \/>\n<meta property=\"og:title\" content=\"Serveis - X-Label\" \/>\n<meta property=\"og:description\" content=\"Aquest \u00e9s el proc\u00e9s que seguim per a crear etiquetes \u00faniques.\" \/>\n<meta property=\"og:url\" content=\"https:\/\/xlabel.es\/ca\/serveis\/\" \/>\n<meta property=\"og:site_name\" content=\"X-Label\" \/>\n<meta property=\"article:modified_time\" content=\"2021-11-23T10:23:28+00:00\" \/>\n<meta name=\"twitter:card\" content=\"summary_large_image\" \/>\n<meta name=\"twitter:label1\" content=\"Temps estimat de lectura\" \/>\n\t<meta name=\"twitter:data1\" content=\"6 minuts\" \/>\n<script type=\"application\/ld+json\" class=\"yoast-schema-graph\">{\"@context\":\"https:\/\/schema.org\",\"@graph\":[{\"@type\":\"WebPage\",\"@id\":\"https:\/\/xlabel.es\/ca\/serveis\/\",\"url\":\"https:\/\/xlabel.es\/ca\/serveis\/\",\"name\":\"Serveis - X-Label\",\"isPartOf\":{\"@id\":\"https:\/\/xlabel.es\/#website\"},\"datePublished\":\"2019-05-24T07:58:27+00:00\",\"dateModified\":\"2021-11-23T10:23:28+00:00\",\"description\":\"Aquest \u00e9s el proc\u00e9s que seguim per a crear etiquetes \u00faniques.\",\"breadcrumb\":{\"@id\":\"https:\/\/xlabel.es\/ca\/serveis\/#breadcrumb\"},\"inLanguage\":\"ca\",\"potentialAction\":[{\"@type\":\"ReadAction\",\"target\":[\"https:\/\/xlabel.es\/ca\/serveis\/\"]}]},{\"@type\":\"BreadcrumbList\",\"@id\":\"https:\/\/xlabel.es\/ca\/serveis\/#breadcrumb\",\"itemListElement\":[{\"@type\":\"ListItem\",\"position\":1,\"name\":\"Portada\",\"item\":\"https:\/\/xlabel.es\/ca\/\"},{\"@type\":\"ListItem\",\"position\":2,\"name\":\"Serveis\"}]},{\"@type\":\"WebSite\",\"@id\":\"https:\/\/xlabel.es\/#website\",\"url\":\"https:\/\/xlabel.es\/\",\"name\":\"X-Label\",\"description\":\"Impresi\u00f3n de etiquetas industriales.\",\"potentialAction\":[{\"@type\":\"SearchAction\",\"target\":{\"@type\":\"EntryPoint\",\"urlTemplate\":\"https:\/\/xlabel.es\/?s={search_term_string}\"},\"query-input\":\"required name=search_term_string\"}],\"inLanguage\":\"ca\"}]}<\/script>\n<!-- \/ Yoast SEO plugin. -->","yoast_head_json":{"title":"Serveis - X-Label","description":"Aquest \u00e9s el proc\u00e9s que seguim per a crear etiquetes \u00faniques.","robots":{"index":"index","follow":"follow","max-snippet":"max-snippet:-1","max-image-preview":"max-image-preview:large","max-video-preview":"max-video-preview:-1"},"canonical":"https:\/\/xlabel.es\/ca\/serveis\/","og_locale":"ca_ES","og_type":"article","og_title":"Serveis - X-Label","og_description":"Aquest \u00e9s el proc\u00e9s que seguim per a crear etiquetes \u00faniques.","og_url":"https:\/\/xlabel.es\/ca\/serveis\/","og_site_name":"X-Label","article_modified_time":"2021-11-23T10:23:28+00:00","twitter_card":"summary_large_image","twitter_misc":{"Temps estimat de lectura":"6 minuts"},"schema":{"@context":"https:\/\/schema.org","@graph":[{"@type":"WebPage","@id":"https:\/\/xlabel.es\/ca\/serveis\/","url":"https:\/\/xlabel.es\/ca\/serveis\/","name":"Serveis - X-Label","isPartOf":{"@id":"https:\/\/xlabel.es\/#website"},"datePublished":"2019-05-24T07:58:27+00:00","dateModified":"2021-11-23T10:23:28+00:00","description":"Aquest \u00e9s el proc\u00e9s que seguim per a crear etiquetes \u00faniques.","breadcrumb":{"@id":"https:\/\/xlabel.es\/ca\/serveis\/#breadcrumb"},"inLanguage":"ca","potentialAction":[{"@type":"ReadAction","target":["https:\/\/xlabel.es\/ca\/serveis\/"]}]},{"@type":"BreadcrumbList","@id":"https:\/\/xlabel.es\/ca\/serveis\/#breadcrumb","itemListElement":[{"@type":"ListItem","position":1,"name":"Portada","item":"https:\/\/xlabel.es\/ca\/"},{"@type":"ListItem","position":2,"name":"Serveis"}]},{"@type":"WebSite","@id":"https:\/\/xlabel.es\/#website","url":"https:\/\/xlabel.es\/","name":"X-Label","description":"Impresi\u00f3n de etiquetas industriales.","potentialAction":[{"@type":"SearchAction","target":{"@type":"EntryPoint","urlTemplate":"https:\/\/xlabel.es\/?s={search_term_string}"},"query-input":"required name=search_term_string"}],"inLanguage":"ca"}]}},"_links":{"self":[{"href":"https:\/\/xlabel.es\/ca\/wp-json\/wp\/v2\/pages\/570"}],"collection":[{"href":"https:\/\/xlabel.es\/ca\/wp-json\/wp\/v2\/pages"}],"about":[{"href":"https:\/\/xlabel.es\/ca\/wp-json\/wp\/v2\/types\/page"}],"author":[{"embeddable":true,"href":"https:\/\/xlabel.es\/ca\/wp-json\/wp\/v2\/users\/3"}],"replies":[{"embeddable":true,"href":"https:\/\/xlabel.es\/ca\/wp-json\/wp\/v2\/comments?post=570"}],"version-history":[{"count":22,"href":"https:\/\/xlabel.es\/ca\/wp-json\/wp\/v2\/pages\/570\/revisions"}],"predecessor-version":[{"id":867,"href":"https:\/\/xlabel.es\/ca\/wp-json\/wp\/v2\/pages\/570\/revisions\/867"}],"wp:attachment":[{"href":"https:\/\/xlabel.es\/ca\/wp-json\/wp\/v2\/media?parent=570"}],"curies":[{"name":"wp","href":"https:\/\/api.w.org\/{rel}","templated":true}]}}